{"id":4195,"date":"2023-07-24T10:58:47","date_gmt":"2023-07-24T10:58:47","guid":{"rendered":"https:\/\/spin-software.com\/scoala\/?page_id=4195"},"modified":"2025-04-07T02:43:10","modified_gmt":"2025-04-06T23:43:10","slug":"nivelul-prescolar","status":"publish","type":"page","link":"https:\/\/mitropolituldosoftei.ro\/?page_id=4195","title":{"rendered":"Nivelul pre\u0219colar"},"content":{"rendered":"<section class=\"wpb-content-wrapper\"><p>[vc_row][vc_column width=&#8221;1\/2&#8243;][vc_empty_space][vc_empty_space][vc_column_text]Gr\u0103dini\u021ba aflat\u0103 ast\u0103zi sub coordonarea Seminarului Teologic Liceal Ortodox \u201eMitropolitul Dosoftei\u201d Suceava \u0219i-a \u00eenceput activitatea \u00een anul 2005, cu titulatura <em>Gr\u0103dini\u021ba cu Program Prelungit \u201eSf. Ioan cel Nou\u201d Suceava<\/em>. Aceasta \u00ee\u0219i dorea s\u0103 asigure, pe l\u00e2ng\u0103 componenta educa\u021bional\u0103, \u0219i un climat adecvat pentru cre\u0219terea \u0219i formarea copiilor \u00een spiritul valorilor autentice ale cre\u0219tinismului ortodox.<\/p>\n<p>Valorific\u00e2nd experien\u021ba de p\u00e2n\u0103 acum \u0219i antrena\u021bi fiind spre cre\u0219tere continu\u0103, prin activit\u0103\u021bile educative desf\u0103\u0219urate, prin diversificarea contextelor de \u00eenv\u0103\u021bare \u0219i prin calitatea serviciilor oferite, gr\u0103dini\u021ba a ajuns \u00een prezent s\u0103 \u0219colarizeze 8 grupe de pre\u0219colari, coordona\u021bi de o echip\u0103 didactic\u0103 deja validat\u0103 \u00een ceea ce prive\u0219te preg\u0103tirea didactic\u0103 \u0219i de specialitate.[\/vc_column_text][vc_empty_space][\/vc_column][vc_column width=&#8221;1\/2&#8243;][stm_single_image img_id=&#8221;5231&#8243; img_size=&#8221;full&#8221;][vc_empty_space][\/vc_column][\/vc_row][vc_row][vc_column][stm_title title_tag=&#8221;h2&#8243; title=&#8221;Oferta educa\u021bional\u0103 la nivel pre\u0219colar&#8221;][\/stm_title][vc_column_text]\u00cen anul \u0219colar 2025-2026 vor func\u021biona:<\/p>\n<ul>\n<li>2 grupe mici<\/li>\n<li>4 grupe mijlocii<\/li>\n<li>2 grupe mari<\/li>\n<\/ul>\n<p>&nbsp;<\/p>\n<h2><strong>Oferta de discipline op\u021bionale pentru anul \u0219colar 2025-2026:<\/strong><\/h2>\n<table style=\"width: 76.3542%; height: 853px;\" width=\"674\">\n<tbody>\n<tr>\n<td style=\"width: 8.02998%;\" width=\"52\"><strong>Nr. crt.<\/strong><\/td>\n<td style=\"width: 20.5567%;\" width=\"140\"><strong>GRUPA <\/strong><\/td>\n<td style=\"width: 33.833%;\" width=\"233\"><strong>CADRU DIDACTIC <\/strong><\/td>\n<td style=\"width: 36.4026%;\" width=\"250\"><strong>OP\u021aIONAL <\/strong><\/td>\n<\/tr>\n<tr>\n<td style=\"width: 8.02998%;\" width=\"52\">1<\/td>\n<td style=\"width: 20.5567%;\" width=\"140\">\n<p><strong>MIJLOCIE A ,,BUBURUZE\u201d<\/strong><\/p>\n<p><strong>\u00a0<\/strong><\/td>\n<td style=\"width: 33.833%;\" width=\"233\">\n<p>Prof. Doncean Maria<\/p>\n<p>Prof. C\u0103lin Alina &#8211; Aglaia<\/td>\n<td style=\"width: 36.4026%;\" width=\"250\">,,Sport \u0219i mi\u0219care, s\u0103n\u0103tate pentru fiecare\u201d<\/td>\n<\/tr>\n<tr>\n<td style=\"width: 8.02998%;\" width=\"52\">2<\/td>\n<td style=\"width: 20.5567%;\" width=\"140\">\n<p><strong>MIJLOCIE D<\/strong><\/p>\n<p><strong>,,FLUTURA\u0218I\u201d<\/strong><\/td>\n<td style=\"width: 33.833%;\" width=\"233\">\n<p>Prof. Anton Elena- Daniela<\/p>\n<p>Prof. Turuta Valeria<\/td>\n<td style=\"width: 36.4026%;\" width=\"250\">,,C\u0103su\u021ba cu emo\u021bii\u201d<\/td>\n<\/tr>\n<tr>\n<td style=\"width: 8.02998%;\" width=\"52\">3<\/td>\n<td style=\"width: 20.5567%;\" width=\"140\">\n<p><strong>MIJLOCIE B<\/strong><\/p>\n<p><strong>,,ALBINU\u021aE\u201d<\/strong><\/p>\n<p><strong>\u00a0<\/strong><\/td>\n<td style=\"width: 33.833%;\" width=\"233\">\n<p>Prof. Curic Monica &#8211; Elisabeta<\/p>\n<p>Prof. Mnesciuc Larisa<\/td>\n<td style=\"width: 36.4026%;\" width=\"250\">,,Pe aripile dansului\u201d<\/td>\n<\/tr>\n<tr>\n<td style=\"width: 8.02998%;\" width=\"52\">4<\/td>\n<td style=\"width: 20.5567%;\" width=\"140\">\n<p><strong>MIJLOCIE C<\/strong><\/p>\n<p><strong>,,STELU\u021aE\u201d<\/strong><\/p>\n<p><strong>\u00a0<\/strong><\/td>\n<td style=\"width: 33.833%;\" width=\"233\">\n<p>Prof. Mironescu Ionela<\/p>\n<p>Educ. Ciobanu Andreea<\/td>\n<td style=\"width: 36.4026%;\" width=\"250\">,,The chest of emotions \u201d<\/td>\n<\/tr>\n<tr>\n<td style=\"width: 8.02998%;\" width=\"52\">5<\/td>\n<td style=\"width: 20.5567%;\" width=\"140\">\n<p><strong>MARE A<\/strong><\/p>\n<p><strong>,,IEPURA\u0218I\u201d<\/strong><\/p>\n<p><strong>\u00a0<\/strong><\/td>\n<td style=\"width: 33.833%;\" width=\"233\">\n<p>Prof. Gogolinc\u0103 Elena &#8211; Mihaela<\/p>\n<p>Educ. Ursaciuc Ioana<\/td>\n<td style=\"width: 36.4026%;\" width=\"250\">,,Emo\u021biile mele\u201d<\/td>\n<\/tr>\n<tr>\n<td style=\"width: 8.02998%;\" width=\"52\">6<\/td>\n<td style=\"width: 20.5567%;\" width=\"140\">\n<p><strong>MARE B<\/strong><\/p>\n<p><strong>,,LICURICI\u201d<\/strong><\/p>\n<p><strong>\u00a0<\/strong><\/td>\n<td style=\"width: 33.833%;\" width=\"233\">\n<p>Prof. Br\u00eenzei Andreea<\/p>\n<p>Prof. Furtun\u0103 Maricica<\/td>\n<td style=\"width: 36.4026%;\" width=\"250\">,,Ne juc\u0103m, matematic\u0103 \u00eenv\u0103\u021b\u0103m\u201d<\/td>\n<\/tr>\n<\/tbody>\n<\/table>\n<p>&nbsp;<\/p>\n<h2><strong>Proiecte educa\u021bionale desf\u0103\u0219urate \u00een anul \u0219colar 2024-2025<\/strong><\/h2>\n<table style=\"width: 75.988%; height: 1076px;\" width=\"668\">\n<tbody>\n<tr>\n<td width=\"72\"><strong>Nr. crt.<\/strong><\/td>\n<td width=\"315\"><strong>Numele proiectului educa\u021bional<\/strong><\/td>\n<td width=\"280\"><strong>Coordonator proiect<\/strong><\/td>\n<\/tr>\n<tr>\n<td width=\"72\"><strong>1.<\/strong><\/td>\n<td width=\"315\">\n<p><strong>Ecogr\u0103dini\u021ba<\/strong><\/p>\n<p>,,\u00cempreun\u0103 pentru un viitor verde\u201d<\/td>\n<td width=\"280\">\n<p>Prof.<\/p>\n<p>Anton Elena Daniela<\/td>\n<\/tr>\n<tr>\n<td width=\"72\"><strong>2.<\/strong><\/td>\n<td width=\"315\">\n<p><strong>Kalokagathia<\/strong><\/p>\n<p>,,Sport, dans \u0219i mi\u0219care de s\u0103n\u0103tate aduc\u0103toare\u201d<\/td>\n<td width=\"280\">\n<p>Prof.<\/p>\n<p>Br\u00eenzei Andreea<\/td>\n<\/tr>\n<tr>\n<td width=\"72\"><strong>3.<\/strong><\/td>\n<td width=\"315\">\n<p><strong>De la joc la educa\u021bie financiar\u0103<\/strong><\/p>\n<p>,,Ne juc\u0103m, despre bani \u00eenv\u0103\u021b\u0103m\u201d<\/td>\n<td width=\"280\">\n<p>Prof.<\/p>\n<p>Iavorenciuc Anca<\/td>\n<\/tr>\n<tr>\n<td width=\"72\"><strong>4.<\/strong><\/td>\n<td width=\"315\">\n<p><strong>S\u0103 citim pentru mileniul III! <\/strong><\/p>\n<p>,,O carte, o poveste, un vis\u201d<\/td>\n<td width=\"280\">\n<p>Prof.<\/p>\n<p>Gogolinc\u0103 Elena Mihaela<\/td>\n<\/tr>\n<tr>\n<td width=\"72\"><strong>5.<\/strong><\/td>\n<td width=\"315\">\n<p><strong>Educa\u021bie rutier\u0103 <\/strong><\/p>\n<p>,,Strada nu e loc de joac\u0103\u201d<\/td>\n<td width=\"280\">\n<p>Prof.<\/p>\n<p>Turuta Valeria<\/td>\n<\/tr>\n<tr>\n<td width=\"72\"><strong>6.<\/strong><\/td>\n<td width=\"315\">\n<p><strong>O lume a prieteniei!<\/strong><\/p>\n<p>,,Eu \u0219i prietenii mei\u201d<\/td>\n<td width=\"280\">\n<p>Prof.<\/p>\n<p>Mironescu Ionela<\/td>\n<\/tr>\n<tr>\n<td width=\"72\"><strong>7.<\/strong><\/td>\n<td width=\"315\">\n<p><strong>M\u0103n\u00e2nc s\u0103n\u0103tos<\/strong><\/p>\n<p>,,M\u0103n\u00e2nc s\u0103n\u0103tos, am grij\u0103 de mine!&#8221;<\/td>\n<td width=\"280\">\n<p>Prof.<\/p>\n<p>Furtun\u0103 Maricica<\/td>\n<\/tr>\n<tr>\n<td width=\"72\"><strong>8.<\/strong><\/td>\n<td width=\"315\">\n<p><strong>Educa\u021bie religioas\u0103<\/strong><\/p>\n<p>,, Micu\u021bii cre\u0219tini&#8221;<\/td>\n<td width=\"280\">\n<p>Prof.<\/p>\n<p>Doncean Maria<\/td>\n<\/tr>\n<tr>\n<td width=\"72\"><strong>9.<\/strong><\/td>\n<td width=\"315\">\n<p><strong>Bucurie \u0219i distrac\u021bie \u00een timpul liber<\/strong><\/p>\n<p>,,Arta creatoare, o joac\u0103 atr\u0103g\u0103toare\u201d<\/td>\n<td width=\"280\">\n<p>Prof.<\/p>\n<p>Jitar Bianca<\/td>\n<\/tr>\n<tr>\n<td width=\"72\"><strong>10.<\/strong><\/td>\n<td width=\"315\">\n<p><strong>Educa\u021bie emo\u021bional\u0103<\/strong><\/p>\n<p>,,Simt, v\u0103d, \u00een\u021beleg\u201d<\/td>\n<td width=\"280\">\n<p>Prof.<\/p>\n<p>Solcan Anca<\/td>\n<\/tr>\n<\/tbody>\n<\/table>\n<p>[\/vc_column_text][\/vc_column][\/vc_row][vc_row][vc_column][vc_empty_space][vc_custom_heading text=&#8221;Galerie Foto&#8221;][\/vc_column][\/vc_row][vc_row full_width=&#8221;stretch_row_content_no_spaces&#8221;][vc_column][stm_gallery][\/vc_column][\/vc_row]<\/p>\n<\/section>","protected":false},"excerpt":{"rendered":"<p>[vc_row][vc_column width=&#8221;1\/2&#8243;][vc_empty_space][vc_empty_space][vc_column_text]Gr\u0103dini\u021ba aflat\u0103 ast\u0103zi sub coordonarea Seminarului Teologic Liceal Ortodox \u201eMitropolitul Dosoftei\u201d Suceava \u0219i-a \u00eenceput activitatea \u00een anul 2005, cu titulatura Gr\u0103dini\u021ba cu Program Prelungit \u201eSf. Ioan cel Nou\u201d Suceava. Aceasta \u00ee\u0219i dorea s\u0103 asigure, pe l\u00e2ng\u0103 componenta educa\u021bional\u0103, \u0219i un climat adecvat pentru cre\u0219terea \u0219i formarea copiilor \u00een spiritul valorilor autentice ale cre\u0219tinismului ortodox. [&hellip;]<\/p>\n","protected":false},"author":2,"featured_media":0,"parent":0,"menu_order":0,"comment_status":"closed","ping_status":"closed","template":"","meta":{"footnotes":""},"class_list":["post-4195","page","type-page","status-publish","hentry"],"_links":{"self":[{"href":"https:\/\/mitropolituldosoftei.ro\/index.php?rest_route=\/wp\/v2\/pages\/4195","targetHints":{"allow":["GET"]}}],"collection":[{"href":"https:\/\/mitropolituldosoftei.ro\/index.php?rest_route=\/wp\/v2\/pages"}],"about":[{"href":"https:\/\/mitropolituldosoftei.ro\/index.php?rest_route=\/wp\/v2\/types\/page"}],"author":[{"embeddable":true,"href":"https:\/\/mitropolituldosoftei.ro\/index.php?rest_route=\/wp\/v2\/users\/2"}],"replies":[{"embeddable":true,"href":"https:\/\/mitropolituldosoftei.ro\/index.php?rest_route=%2Fwp%2Fv2%2Fcomments&post=4195"}],"version-history":[{"count":24,"href":"https:\/\/mitropolituldosoftei.ro\/index.php?rest_route=\/wp\/v2\/pages\/4195\/revisions"}],"predecessor-version":[{"id":5827,"href":"https:\/\/mitropolituldosoftei.ro\/index.php?rest_route=\/wp\/v2\/pages\/4195\/revisions\/5827"}],"wp:attachment":[{"href":"https:\/\/mitropolituldosoftei.ro\/index.php?rest_route=%2Fwp%2Fv2%2Fmedia&parent=4195"}],"curies":[{"name":"wp","href":"https:\/\/api.w.org\/{rel}","templated":true}]}}